{"id":4145,"date":"2017-11-06T17:25:05","date_gmt":"2017-11-06T17:25:05","guid":{"rendered":"https:\/\/www.asukkaidenvantaa.fi\/wp-content\/uploads\/\/sites\/31\/2017\/11\/Paalutorilla-4.11.2017.jpg"},"modified":"2017-11-06T17:29:20","modified_gmt":"2017-11-06T17:29:20","slug":"paalutorilla-4-11-2017","status":"inherit","type":"attachment","link":"https:\/\/www.asukkaidenvantaa.fi\/?attachment_id=4145","title":{"rendered":"Paalutorilla 4.11.2017"},"author":5003,"featured_media":0,"comment_status":"open","ping_status":"closed","template":"","meta":[],"class_list":["post-4145","attachment","type-attachment","status-inherit","hentry"],"description":{"rendered":"<p class=\"attachment\"><a href='https:\/\/www.asukkaidenvantaa.fi\/wp-content\/uploads\/sites\/31\/2017\/11\/Paalutorilla-4.11.2017-e1509989122451.jpg'><img loading=\"lazy\" decoding=\"async\" width=\"300\" height=\"167\" src=\"https:\/\/www.asukkaidenvantaa.fi\/wp-content\/uploads\/sites\/31\/2017\/11\/Paalutorilla-4.11.2017-300x167.jpg\" class=\"attachment-medium size-medium\" alt=\"\" srcset=\"https:\/\/www.asukkaidenvantaa.fi\/wp-content\/uploads\/sites\/31\/2017\/11\/Paalutorilla-4.11.2017-300x167.jpg 300w, https:\/\/www.asukkaidenvantaa.fi\/wp-content\/uploads\/sites\/31\/2017\/11\/Paalutorilla-4.11.2017-768x426.jpg 768w, https:\/\/www.asukkaidenvantaa.fi\/wp-content\/uploads\/sites\/31\/2017\/11\/Paalutorilla-4.11.2017-560x311.jpg 560w, https:\/\/www.asukkaidenvantaa.fi\/wp-content\/uploads\/sites\/31\/2017\/11\/Paalutorilla-4.11.2017-260x144.jpg 260w, https:\/\/www.asukkaidenvantaa.fi\/wp-content\/uploads\/sites\/31\/2017\/11\/Paalutorilla-4.11.2017-160x89.jpg 160w, https:\/\/www.asukkaidenvantaa.fi\/wp-content\/uploads\/sites\/31\/2017\/11\/Paalutorilla-4.11.2017-e1509989122451.jpg 600w\" sizes=\"auto, (max-width: 300px) 100vw, 300px\" \/><\/a><\/p>\n"},"caption":{"rendered":"<p>Vantaan kommunistit Myyrm\u00e4en markkinoilla 4.11. &#8221;kioskissaan&#8221;. T\u00e4ll\u00e4 kertaa nostettiin keskusteluun ty\u00f6ajan lyhennys ja v\u00e4ltt\u00e4m\u00e4tt\u00f6myys siirty\u00e4 kuuden tunnin ty\u00f6p\u00e4iv\u00e4\u00e4n. Myynniss\u00e4 oli mm. Karl Mrxin p\u00e4\u00e4teoksen P\u00e4\u00e4oman uusi kolmiosainen suomennos. Jo Marx aikoinaan n\u00e4ki kapitalismin kriisin nykyisen kaltaisen p\u00e4\u00e4omien kasautumisen vuoksi.<\/p>\n<p class=\"more-link-p\"><a class=\"more-link\" href=\"https:\/\/www.asukkaidenvantaa.fi\/?attachment_id=4145\">Lue lis\u00e4\u00e4 \u2192<\/a><\/p>\n"},"alt_text":"","media_type":"image","mime_type":"image\/jpeg","media_details":{"width":600,"height":333,"file":"2017\/11\/Paalutorilla-4.11.2017-e1509989122451.jpg","sizes":{"thumbnail":{"file":"Paalutorilla-4.11.2017-150x150.jpg","width":150,"height":150,"mime_type":"image\/jpeg","source_url":"https:\/\/www.asukkaidenvantaa.fi\/wp-content\/uploads\/sites\/31\/2017\/11\/Paalutorilla-4.11.2017-150x150.jpg"},"medium":{"file":"Paalutorilla-4.11.2017-300x167.jpg","width":300,"height":167,"mime_type":"image\/jpeg","source_url":"https:\/\/www.asukkaidenvantaa.fi\/wp-content\/uploads\/sites\/31\/2017\/11\/Paalutorilla-4.11.2017-300x167.jpg"},"medium_large":{"file":"Paalutorilla-4.11.2017-768x426.jpg","width":768,"height":426,"mime_type":"image\/jpeg","source_url":"https:\/\/www.asukkaidenvantaa.fi\/wp-content\/uploads\/sites\/31\/2017\/11\/Paalutorilla-4.11.2017-768x426.jpg"},"1_column":{"file":"Paalutorilla-4.11.2017-560x311.jpg","width":560,"height":311,"mime_type":"image\/jpeg","source_url":"https:\/\/www.asukkaidenvantaa.fi\/wp-content\/uploads\/sites\/31\/2017\/11\/Paalutorilla-4.11.2017-560x311.jpg"},"2_column":{"file":"Paalutorilla-4.11.2017-260x144.jpg","width":260,"height":144,"mime_type":"image\/jpeg","source_url":"https:\/\/www.asukkaidenvantaa.fi\/wp-content\/uploads\/sites\/31\/2017\/11\/Paalutorilla-4.11.2017-260x144.jpg"},"3_column":{"file":"Paalutorilla-4.11.2017-160x89.jpg","width":160,"height":89,"mime_type":"image\/jpeg","source_url":"https:\/\/www.asukkaidenvantaa.fi\/wp-content\/uploads\/sites\/31\/2017\/11\/Paalutorilla-4.11.2017-160x89.jpg"},"image-bar-c4":{"file":"Paalutorilla-4.11.2017-386x290.jpg","width":386,"height":290,"mime_type":"image\/jpeg","source_url":"https:\/\/www.asukkaidenvantaa.fi\/wp-content\/uploads\/sites\/31\/2017\/11\/Paalutorilla-4.11.2017-386x290.jpg"},"image-bar-c3":{"file":"Paalutorilla-4.11.2017-290x218.jpg","width":290,"height":218,"mime_type":"image\/jpeg","source_url":"https:\/\/www.asukkaidenvantaa.fi\/wp-content\/uploads\/sites\/31\/2017\/11\/Paalutorilla-4.11.2017-290x218.jpg"},"image-bar-c2":{"file":"Paalutorilla-4.11.2017-193x145.jpg","width":193,"height":145,"mime_type":"image\/jpeg","source_url":"https:\/\/www.asukkaidenvantaa.fi\/wp-content\/uploads\/sites\/31\/2017\/11\/Paalutorilla-4.11.2017-193x145.jpg"},"full":{"file":"Paalutorilla-4.11.2017-e1509989122451.jpg","width":600,"height":333,"mime_type":"image\/jpeg","source_url":"https:\/\/www.asukkaidenvantaa.fi\/wp-content\/uploads\/sites\/31\/2017\/11\/Paalutorilla-4.11.2017-e1509989122451.jpg"}},"image_meta":{"aperture":"0","credit":"","camera":"","caption":"","created_timestamp":"0","copyright":"","focal_length":"0","iso":"0","shutter_speed":"0","title":"","orientation":"0","keywords":[]}},"post":4142,"source_url":"https:\/\/www.asukkaidenvantaa.fi\/wp-content\/uploads\/sites\/31\/2017\/11\/Paalutorilla-4.11.2017-e1509989122451.jpg","_links":{"self":[{"href":"https:\/\/www.asukkaidenvantaa.fi\/index.php?rest_route=\/wp\/v2\/media\/4145","targetHints":{"allow":["GET"]}}],"collection":[{"href":"https:\/\/www.asukkaidenvantaa.fi\/index.php?rest_route=\/wp\/v2\/media"}],"about":[{"href":"https:\/\/www.asukkaidenvantaa.fi\/index.php?rest_route=\/wp\/v2\/types\/attachment"}],"author":[{"embeddable":true,"href":"https:\/\/www.asukkaidenvantaa.fi\/index.php?rest_route=\/wp\/v2\/users\/5003"}],"replies":[{"embeddable":true,"href":"https:\/\/www.asukkaidenvantaa.fi\/index.php?rest_route=%2Fwp%2Fv2%2Fcomments&post=4145"}],"wp:attached-to":[{"embeddable":true,"post_type":"post","id":4142,"href":"https:\/\/www.asukkaidenvantaa.fi\/index.php?rest_route=\/wp\/v2\/posts\/4142"}],"curies":[{"name":"wp","href":"https:\/\/api.w.org\/{rel}","templated":true}]}}